{"id":32,"date":"2025-05-21T07:51:47","date_gmt":"2025-05-21T05:51:47","guid":{"rendered":"https:\/\/zahnarzt-kuhn.de\/?page_id=32"},"modified":"2025-05-21T07:52:25","modified_gmt":"2025-05-21T05:52:25","slug":"impressum","status":"publish","type":"page","link":"https:\/\/zahnarzt-kuhn.de\/?page_id=32","title":{"rendered":"Impressum"},"content":{"rendered":"\t\t<div data-elementor-type=\"wp-page\" data-elementor-id=\"32\" class=\"elementor elementor-32\">\n\t\t\t\t<div class=\"elementor-element elementor-element-d7770dd e-flex e-con-boxed e-con e-parent\" data-id=\"d7770dd\" data-element_type=\"container\">\n\t\t\t\t\t<div class=\"e-con-inner\">\n\t\t\t\t<div class=\"elementor-element elementor-element-4bd9906 elementor-widget elementor-widget-text-editor\" data-id=\"4bd9906\" data-element_type=\"widget\" data-widget_type=\"text-editor.default\">\n\t\t\t\t<div class=\"elementor-widget-container\">\n\t\t\t\t\t\t\t\t\t<p><strong>verantwortlich f\u00fcr den Inhalt dieser Internetpr\u00e4senz:<\/strong><br \/><br \/>Dr. med. dent. Achim Kuhn<br \/>Amstetter Str. 26<br \/>D-70329 Stuttgart<br \/><br \/>Telefon: (0711) 420 90 99<br \/>Telefax: (0711) 420 91 74<br \/><br \/>E-Mail <a href=\"https:\/\/web.archive.org\/web\/20241210163914\/mailto:Achim.Kuhn@t-online.de\">Achim.Kuhn \u00c4TT t-online.de<\/a><br \/><br \/><br \/><strong>Steuernummer:<\/strong><br \/>95254 \/ 15441<br \/><strong><br \/>Zust\u00e4ndige Kammer:<\/strong><br \/>Landeszahn\u00e4rztekammer Baden-W\u00fcrttemberg<br \/>Albstadtweg 9, 70567 Stuttgart<br \/><br \/><strong>Berufsbezeichnung:<\/strong><br \/>Zahnarzt<br \/><br \/><strong>Staat, der die Berufsbezeichnung verliehen hat:<\/strong><br \/>Bundesrepublik Deutschland<br \/><br \/>Es gilt die Berufsordnung der Landeszahn\u00e4rztekammer Baden-W\u00fcrttemberg<br \/><br \/><strong>Berufsrechtliche Regelungen:<\/strong><a href=\"https:\/\/web.archive.org\/web\/20241210163914\/http:\/\/www.lzk-bw.de\/Patienten\/Gesetze_Ordnungen\/index.php\" target=\"_blank\" rel=\"noreferrer noopener\"><br \/>http:\/\/www.lzk-bw.de\/Patienten\/Gesetze_Ordnungen\/index.php<\/a><br \/><strong><br \/>Zust\u00e4ndige Aufsichtsbeh\u00f6rde:<\/strong><br \/>Sozialministerium Baden-W\u00fcrttemberg,<br \/>Schellingstra\u00dfe 15<br \/>70174 Stuttgart<br \/>Tel: 0711-123-0<br \/>Fax: 0711-123-39 99<\/p>\t\t\t\t\t\t\t\t<\/div>\n\t\t\t\t<\/div>\n\t\t\t\t\t<\/div>\n\t\t\t\t<\/div>\n\t\t\t\t<\/div>\n\t\t","protected":false},"excerpt":{"rendered":"<p>verantwortlich f\u00fcr den Inhalt dieser Internetpr\u00e4senz: Dr. med. dent. Achim KuhnAmstetter Str. 26D-70329 Stuttgart Telefon: (0711) 420 90 99Telefax: (0711) 420 91 74 E-Mail Achim.Kuhn \u00c4TT t-online.de Steuernummer:95254 \/ 15441Zust\u00e4ndige Kammer:Landeszahn\u00e4rztekammer Baden-W\u00fcrttembergAlbstadtweg 9, 70567 Stuttgart Berufsbezeichnung:Zahnarzt Staat, der die Berufsbezeichnung verliehen hat:Bundesrepublik Deutschland Es gilt die Berufsordnung der Landeszahn\u00e4rztekammer Baden-W\u00fcrttemberg Berufsrechtliche Regelungen:http:\/\/www.lzk-bw.de\/Patienten\/Gesetze_Ordnungen\/index.phpZust\u00e4ndige Aufsichtsbeh\u00f6rde:Sozialministerium Baden-W\u00fcrttemberg,Schellingstra\u00dfe 1570174 [&hellip;]<\/p>\n","protected":false},"author":1,"featured_media":0,"parent":0,"menu_order":0,"comment_status":"closed","ping_status":"closed","template":"","meta":{"footnotes":""},"class_list":["post-32","page","type-page","status-publish","hentry","entry"],"_links":{"self":[{"href":"https:\/\/zahnarzt-kuhn.de\/index.php?rest_route=\/wp\/v2\/pages\/32","targetHints":{"allow":["GET"]}}],"collection":[{"href":"https:\/\/zahnarzt-kuhn.de\/index.php?rest_route=\/wp\/v2\/pages"}],"about":[{"href":"https:\/\/zahnarzt-kuhn.de\/index.php?rest_route=\/wp\/v2\/types\/page"}],"author":[{"embeddable":true,"href":"https:\/\/zahnarzt-kuhn.de\/index.php?rest_route=\/wp\/v2\/users\/1"}],"replies":[{"embeddable":true,"href":"https:\/\/zahnarzt-kuhn.de\/index.php?rest_route=%2Fwp%2Fv2%2Fcomments&post=32"}],"version-history":[{"count":4,"href":"https:\/\/zahnarzt-kuhn.de\/index.php?rest_route=\/wp\/v2\/pages\/32\/revisions"}],"predecessor-version":[{"id":36,"href":"https:\/\/zahnarzt-kuhn.de\/index.php?rest_route=\/wp\/v2\/pages\/32\/revisions\/36"}],"wp:attachment":[{"href":"https:\/\/zahnarzt-kuhn.de\/index.php?rest_route=%2Fwp%2Fv2%2Fmedia&parent=32"}],"curies":[{"name":"wp","href":"https:\/\/api.w.org\/{rel}","templated":true}]}}